{"id":6403,"date":"2023-04-24T04:22:35","date_gmt":"2023-04-24T00:22:35","guid":{"rendered":"https:\/\/umayalighting.com\/projects\/residencia-vof\/"},"modified":"2023-09-16T16:41:02","modified_gmt":"2023-09-16T12:41:02","slug":"villa-vof","status":"publish","type":"product","link":"https:\/\/umayalighting.com\/es\/projects\/villa-vof\/","title":{"rendered":"Residencia VOF"},"content":{"rendered":"<p>UMAYA Lighting Design fue invitado a planificar la iluminaci\u00f3n de fachada y el dise\u00f1o de su escena nocturna. Los elementos arquitect\u00f3nicos son sencillos y delicadamente formados para adaptarse a la escala del edificio. La entrada se destaca en la composici\u00f3n de tres vol\u00famenes; la parte media abraza al visitante en un nicho c\u00e1lidamente iluminado, representado por una silueta de arco. El entablamento marca el l\u00edmite del techo de tejas rojas y se refleja en el medall\u00f3n circular sobre la entrada. El acento c\u00e1lido sobre el medall\u00f3n complementa la exposici\u00f3n sutil de la fachada.<\/p>\n<p>Reflexiones de haz estrecho se vuelven especulares en las columnas de piedra blanca del primer piso, y se extienden suavemente hacia los peque\u00f1os arcos. Desde un punto de vista general, se complementan con los marcos de las ventanas retro iluminados en planta baja.<\/p>\n<p>La superficie exterior emerge desde abajo y captura al explorador, invit\u00e1ndolo a una experiencia cautivadora.<\/p>\n<p>Aspectos t\u00e9cnicos sobre la contenci\u00f3n de la luz no deseada fueron cruciales para los resultados est\u00e9ticos y funcionales. Las fuentes LED en las gargantas no se perciben sino en \u00e1ngulos de visi\u00f3n m\u00ednimos, mientras que su efecto indirecto cubre la superficie de fondo. La cornisa recibe el ba\u00f1ado adecuado de las luminarias lineales montadas en su superficie, evitando la sobre exposici\u00f3n que ayuda a integrar el edificio a su entorno.<\/p>\n<p>No todas las superficies est\u00e1n iluminadas, ya que nos propusimos crear un perfecto equilibrio entre claros y oscuros, creando un contraste \u00f3ptimo con la iluminaci\u00f3n del jard\u00edn.<\/p>\n","protected":false},"excerpt":{"rendered":"<p>UBICACI\u00d3N: DUBAI, EMIRATOS \u00c1RABES UNIDOS<br \/>\nUSO: RESIDENCIAL PRIVADO<br \/>\nALCANCE: DISE\u00d1O LUM\u00cdNICO DE FACHADA<\/p>\n","protected":false},"featured_media":8259,"comment_status":"closed","ping_status":"closed","template":"","meta":{"_acf_changed":false},"product_brand":[],"product_cat":[108],"product_tag":[],"class_list":{"0":"post-6403","1":"product","2":"type-product","3":"status-publish","4":"has-post-thumbnail","6":"product_cat-proyectos","8":"first","9":"instock","10":"shipping-taxable","11":"product-type-simple"},"acf":[],"_links":{"self":[{"href":"https:\/\/umayalighting.com\/es\/wp-json\/wp\/v2\/product\/6403","targetHints":{"allow":["GET"]}}],"collection":[{"href":"https:\/\/umayalighting.com\/es\/wp-json\/wp\/v2\/product"}],"about":[{"href":"https:\/\/umayalighting.com\/es\/wp-json\/wp\/v2\/types\/product"}],"replies":[{"embeddable":true,"href":"https:\/\/umayalighting.com\/es\/wp-json\/wp\/v2\/comments?post=6403"}],"wp:featuredmedia":[{"embeddable":true,"href":"https:\/\/umayalighting.com\/es\/wp-json\/wp\/v2\/media\/8259"}],"wp:attachment":[{"href":"https:\/\/umayalighting.com\/es\/wp-json\/wp\/v2\/media?parent=6403"}],"wp:term":[{"taxonomy":"product_brand","embeddable":true,"href":"https:\/\/umayalighting.com\/es\/wp-json\/wp\/v2\/product_brand?post=6403"},{"taxonomy":"product_cat","embeddable":true,"href":"https:\/\/umayalighting.com\/es\/wp-json\/wp\/v2\/product_cat?post=6403"},{"taxonomy":"product_tag","embeddable":true,"href":"https:\/\/umayalighting.com\/es\/wp-json\/wp\/v2\/product_tag?post=6403"}],"curies":[{"name":"wp","href":"https:\/\/api.w.org\/{rel}","templated":true}]}}